{"id":3547,"date":"2019-06-19T13:23:50","date_gmt":"2019-06-19T11:23:50","guid":{"rendered":"https:\/\/impactmakers.events\/impact-makers-lunch-paris-2019\/"},"modified":"2020-06-05T11:52:13","modified_gmt":"2020-06-05T09:52:13","slug":"impact-makers-lunch-paris-2019","status":"publish","type":"page","link":"https:\/\/impactmakers.events\/en\/impact-makers-lunch-paris-2019\/","title":{"rendered":"Impact Makers Lunch Paris 2019"},"content":{"rendered":"[vc_row css=&#8221;.vc_custom_1539606550856{margin-top: -40px !important;}&#8221; el_class=&#8221;add_wave_rev_slider&#8221;][vc_column][rev_slider_vc alias=&#8221;impact-makers-lunch-paris-eng&#8221;][\/vc_column][\/vc_row][vc_row][vc_column][wgl_spacing spacer_size=&#8221;30px&#8221;][\/vc_column][\/vc_row][vc_row equal_height=&#8221;yes&#8221; content_placement=&#8221;middle&#8221;][vc_column offset=&#8221;vc_col-md-5&#8243;][wgl_double_headings title_size=&#8221;30px&#8221; title_line_height=&#8221;42px&#8221; title_weight=&#8221;400&#8243; title_color=&#8221;#232323&#8243; subtitle_color=&#8221;#009ee6&#8243; bgtitle_tag=&#8221;h2&#8243; bgtitle_size=&#8221;80px&#8221; bgtitle_line_height=&#8221;50px&#8221; bgtitle_color=&#8221;#f3f3f3&#8243; title=&#8221;FOOD and its entire industry were at the center of the Impact Makers Lunch which was held in Paris on October 11, 2019 at the Wagram Pavilion.&#8221; subtitle=&#8221;`{`#FOOD`}`&#8221; bgtitle=&#8221;Theme&#8221; bg_responsive_font=&#8221;true&#8221; bg_font_size_mobile=&#8221;44px&#8221; responsive_font=&#8221;true&#8221; font_size_mobile=&#8221;24px&#8221;][wgl_spacing spacer_size=&#8221;30px&#8221;][vc_column_text]\n<ul>\n<li>A seated-lunch with 18 tables and more than 180 participants<\/li>\n<li>A dominant topic for each of the tables stemming from FOOD and Agri-Food issues across the entire value chain: waste management, optimization of industrial processes, big data, labels, responsible consumption, impact investing, sustainable agriculture ,\u2026<\/li>\n<li>A dedicated moderator per table<\/li>\n<li>Highlights with:\n<ul>\n<li>Refettorio &#8211; Maxime Bonnabry and Deborah Bailet<\/li>\n<li>Poulehouse &#8211; Fabien Sauleman and Fanny Legarson<\/li>\n<li>Sport &amp; Food: Mathias Biabiany &#8211; Team World Champion &#8211; Fencing<\/li>\n<\/ul>\n<\/li>\n<li>Data trees to better understand the whole ecosystem and its challenges prepared by La Nouvelle Assiette (Lara Garido, Maxime Clerbout), Olivier Frey and our partner Pour La Solidarit\u00e9.<\/li>\n<\/ul>\n[\/vc_column_text][wgl_spacing spacer_size=&#8221;60&#8243;][\/vc_column][vc_column offset=&#8221;vc_col-md-offset-1 vc_col-md-6&#8243; css=&#8221;.vc_custom_1539853054854{background-position: center !important;background-repeat: no-repeat !important;background-size: cover !important;}&#8221;][vc_single_image image=&#8221;2581&#8243; img_size=&#8221;full&#8221;][\/vc_column][\/vc_row][vc_row][vc_column][wgl_spacing spacer_size=&#8221;40px&#8221;][wgl_double_headings align=&#8221;center&#8221; title_size=&#8221;30px&#8221; title_line_height=&#8221;42px&#8221; title_weight=&#8221;400&#8243; title_color=&#8221;#232323&#8243; subtitle_color=&#8221;#009ee6&#8243; bgtitle_size=&#8221;90px&#8221; bgtitle_line_height=&#8221;60px&#8221; bgtitle_color=&#8221;#f3f3f3&#8243; title=&#8221;Watch our last event on video&#8221; subtitle=&#8221;`{`Impact Makers Lunch Paris 2019`}`&#8221; bgtitle=&#8221;Video&#8221; bg_responsive_font=&#8221;true&#8221; bg_font_size_mobile=&#8221;44px&#8221; responsive_font=&#8221;true&#8221; font_size_mobile=&#8221;24px&#8221;][wgl_spacing spacer_size=&#8221;18px&#8221;][vc_row_inner][vc_column_inner offset=&#8221;vc_col-lg-offset-1 vc_col-lg-10&#8243; css=&#8221;.vc_custom_1539937942248{padding-right: 5% !important;padding-left: 5% !important;}&#8221;][vc_column_text]\n<p style=\"text-align: center;\">The first edition of Impact Makers Lunch took place on October 11, 2019 in Paris, in the Wagram Pavilion. More than 180 guests, keyplayers of the positive economy, participated in this lunch\/exchanges under the theme of &#8220;Acting together for sustainable food&#8221;.<\/p>\n[\/vc_column_text][\/vc_column_inner][\/vc_row_inner][vc_row_inner][vc_column_inner][vc_empty_space height=&#8221;60px&#8221;][vc_video link=&#8221;https:\/\/youtu.be\/df5GDAv6jx8&#8243;][vc_empty_space height=&#8221;60px&#8221;][\/vc_column_inner][\/vc_row_inner][\/vc_column][\/vc_row][vc_row disable_element=&#8221;yes&#8221; el_class=&#8221;box-shadow-1 radius-10 z-index-1&#8243; css=&#8221;.vc_custom_1591093237781{margin-top: -10px !important;margin-right: -90px !important;margin-left: -90px !important;padding-right: 75px !important;padding-left: 75px !important;background-color: #ffffff !important;}&#8221;][vc_column css=&#8221;.vc_custom_1539240782402{padding-top: 0px !important;}&#8221;][wgl_spacing spacer_size=&#8221;55px&#8221;][vc_row_inner equal_height=&#8221;yes&#8221; content_placement=&#8221;middle&#8221;][vc_column_inner css=&#8221;.vc_custom_1539852390033{border-right-width: 0px !important;padding-top: 0px !important;border-right-color: #dedede !important;border-right-style: solid !important;}&#8221; offset=&#8221;vc_col-md-3&#8243;][wgl_custom_text font_size=&#8221;36&#8243; line_height=&#8221;48&#8243; line_height_tablet=&#8221;42&#8243; line_height_mobile=&#8221;37&#8243; responsive_font_tablet=&#8221;true&#8221; font_size_tablet=&#8221;32&#8243; responsive_font_mobile=&#8221;true&#8221; font_size_mobile=&#8221;28&#8243;]\n<h3><span style=\"font-weight: 500;\" class=\"genesisexpo_font-weight\"><span style=\"color: #009ee6;\">Impact Makers Lunch Region<\/span>\u00a0in<\/span><\/h3>\n[\/wgl_custom_text][wgl_spacing spacer_size=&#8221;0&#8243; screen_tablet=&#8221;992&#8243; responsive_tablet=&#8221;true&#8221; size_tablet=&#8221;55&#8243;][\/vc_column_inner][vc_column_inner css=&#8221;.vc_custom_1539850196013{margin-top: -30px !important;padding-top: 0px !important;}&#8221; offset=&#8221;vc_col-md-9&#8243;][wgl_countdown size=&#8221;medium&#8221; number_color=&#8221;#232323&#8243; countdown_color=&#8221;#009ee6&#8243; points_color=&#8221;#b5b5b5&#8243; countdown_year=&#8221;2020&#8243; countdown_month=&#8221;03&#8243; countdown_day=&#8221;20&#8243; countdown_hours=&#8221;9&#8243; countdown_min=&#8221;0&#8243;][\/vc_column_inner][\/vc_row_inner][wgl_spacing spacer_size=&#8221;55&#8243; screen_tablet=&#8221;992&#8243; responsive_tablet=&#8221;true&#8221; size_tablet=&#8221;65&#8243;][\/vc_column][\/vc_row][vc_row equal_height=&#8221;yes&#8221; content_placement=&#8221;middle&#8221;][vc_column offset=&#8221;vc_col-md-5&#8243;][wgl_double_headings title_size=&#8221;24px&#8221; title_line_height=&#8221;36px&#8221; title_weight=&#8221;400&#8243; title_color=&#8221;#232323&#8243; subtitle_color=&#8221;#009ee6&#8243; bgtitle_tag=&#8221;h2&#8243; bgtitle_size=&#8221;90px&#8221; bgtitle_line_height=&#8221;50px&#8221; bgtitle_color=&#8221;#f3f3f3&#8243; title=&#8221;Impact Makers: catalyst for a positive economy&#8221; subtitle=&#8221;`{`#MET`}`&#8221; bgtitle=&#8221;Impact&#8221; bg_responsive_font=&#8221;true&#8221; bg_font_size_mobile=&#8221;44px&#8221; responsive_font=&#8221;true&#8221; font_size_mobile=&#8221;24px&#8221;][wgl_spacing spacer_size=&#8221;30px&#8221;][vc_column_text]\n<ul>\n<li>More than 300 contacts made on site.<\/li>\n<li>More than 150 initiatives put forward, beyond those carried by project leaders.<\/li>\n<li>Over 150 post-event introductions and connections.<\/li>\n<li>And we hope to see many partnerships that will materialize in the near future to increase social and environmental impact.<\/li>\n<\/ul>\n[\/vc_column_text][wgl_spacing spacer_size=&#8221;40px&#8221;][\/vc_column][vc_column offset=&#8221;vc_col-md-offset-1 vc_col-md-6&#8243; css=&#8221;.vc_custom_1539853054854{background-position: center !important;background-repeat: no-repeat !important;background-size: cover !important;}&#8221;][vc_single_image image=&#8221;4092&#8243; img_size=&#8221;full&#8221;][\/vc_column][\/vc_row][vc_row equal_height=&#8221;yes&#8221; content_placement=&#8221;middle&#8221;][vc_column offset=&#8221;vc_col-md-12&#8243;][wgl_spacing spacer_size=&#8221;60px&#8221;][\/vc_column][\/vc_row][vc_row full_width=&#8221;stretch_row&#8221; parallax=&#8221;content-moving&#8221; css=&#8221;.vc_custom_1576850826649{background-image: url(https:\/\/impactmakers.events\/wp-content\/uploads\/2019\/12\/accueil-impact-makers-lunch-1.jpg?id=4121) !important;background-position: center;background-repeat: no-repeat !important;background-size: cover !important;}&#8221;][vc_column][wgl_spacing spacer_size=&#8221;40px&#8221;][vc_row_inner][vc_column_inner width=&#8221;1\/4&#8243;][wgl_counter counter_align=&#8221;center&#8221; icon_type=&#8221;none&#8221; title_color=&#8221;#ffffff&#8221; count_value_size=&#8221;70&#8243; count_value_color=&#8221;#ffffff&#8221; count_title=&#8221;Friendly place dedicated to sharing and exchanges&#8221; count_value=&#8221;1&#8243; custom_title_color=&#8221;true&#8221; custom_count_value_color=&#8221;true&#8221;][wgl_spacing spacer_size=&#8221;30px&#8221;][\/vc_column_inner][vc_column_inner width=&#8221;1\/4&#8243;][wgl_counter counter_align=&#8221;center&#8221; icon_type=&#8221;none&#8221; title_color=&#8221;#ffffff&#8221; count_value_size=&#8221;70&#8243; count_value_color=&#8221;#ffffff&#8221; count_title=&#8221;Participating impact makers from all sectors&#8221; count_value=&#8221;180&#8243; custom_title_color=&#8221;true&#8221; custom_count_value_color=&#8221;true&#8221;][wgl_spacing spacer_size=&#8221;30px&#8221;][\/vc_column_inner][vc_column_inner width=&#8221;1\/4&#8243;][wgl_counter counter_align=&#8221;center&#8221; icon_type=&#8221;none&#8221; title_color=&#8221;#ffffff&#8221; count_value_size=&#8221;70&#8243; count_value_color=&#8221;#ffffff&#8221; count_title=&#8221;Tables organized by project affinity&#8221; count_value=&#8221;20&#8243; custom_title_color=&#8221;true&#8221; custom_count_value_color=&#8221;true&#8221;][wgl_spacing spacer_size=&#8221;30px&#8221;][\/vc_column_inner][vc_column_inner width=&#8221;1\/4&#8243;][wgl_counter counter_align=&#8221;center&#8221; icon_type=&#8221;none&#8221; title_color=&#8221;#ffffff&#8221; count_value_size=&#8221;70&#8243; count_value_color=&#8221;#ffffff&#8221; count_title=&#8221;Conversations to discover and get inspired&#8221; count_value=&#8221;6&#8243; custom_title_color=&#8221;true&#8221; custom_count_value_color=&#8221;true&#8221;][wgl_spacing spacer_size=&#8221;30px&#8221;][\/vc_column_inner][\/vc_row_inner][wgl_spacing spacer_size=&#8221;54px&#8221;][\/vc_column][\/vc_row][vc_row][vc_column offset=&#8221;vc_col-lg-offset-1 vc_col-lg-10 vc_col-md-offset-1 vc_col-md-10 vc_col-sm-offset-1&#8243;][wgl_double_headings align=&#8221;center&#8221; title_size=&#8221;30px&#8221; title_line_height=&#8221;42px&#8221; title_weight=&#8221;400&#8243; title_color=&#8221;#232323&#8243; subtitle_line_height=&#8221;22px&#8221; subtitle_color=&#8221;#009ee6&#8243; bgtitle_size=&#8221;80px&#8221; bgtitle_line_height=&#8221;50px&#8221; bgtitle_color=&#8221;#f3f3f3&#8243; title=&#8221;List of participants and testimonials&#8221; subtitle=&#8221;`{`What they thought of the event`}`&#8221; bgtitle=&#8221;Participants&#8221; bg_responsive_font=&#8221;true&#8221; bg_font_size_mobile=&#8221;44px&#8221; responsive_font=&#8221;true&#8221; font_size_mobile=&#8221;24px&#8221;][wgl_spacing spacer_size=&#8221;18px&#8221;][vc_row_inner][vc_column_inner offset=&#8221;vc_col-lg-offset-1 vc_col-lg-10 vc_col-md-offset-1 vc_col-md-10 vc_col-sm-offset-0&#8243;][vc_column_text]\n<p style=\"text-align: center;\">For the October 2019 event, we had more than 180 participants, and 65 projects: investors, large companies, projects, experts &#8230; The list of participating companies can be downloaded in PDF format from the following link: <a href=\"https:\/\/impactmakers.events\/wp-content\/uploads\/2019\/11\/Impact-Makers-Lunch-Paris-2019-Liste-des-participants.pdf\" target=\"_blank\" rel=\"noopener noreferrer\">LIST OF PARTICIPANTS<\/a><\/p>\n[\/vc_column_text][\/vc_column_inner][\/vc_row_inner][\/vc_column][\/vc_row][vc_row full_width=&#8221;stretch_row_content_no_spaces&#8221; css=&#8221;.vc_custom_1574955912064{background-position: center !important;background-repeat: no-repeat !important;background-size: cover !important;}&#8221;][vc_column][wgl_spacing spacer_size=&#8221;20px&#8221;][wgl_testimonials item_type=&#8221;author_left_bottom&#8221; item_grid=&#8221;5&#8243; resp_medium=&#8221;1500&#8243; resp_medium_slides=&#8221;4&#8243; resp_tablets=&#8221;1200&#8243; resp_tablets_slides=&#8221;2&#8243; resp_mobile=&#8221;600&#8243; resp_mobile_slides=&#8221;1&#8243; status_color=&#8221;#009ee6&#8243; values=&#8221;%5B%7B%22quote%22%3A%2288%25%20appreciated%20the%20timing%20and%20some%20even%20found%20it%20too%20short!%20%22%2C%22author_status%22%3A%22Source%20%3A%20Feedback%20Form%20Paris%20Event%22%7D%2C%7B%22quote%22%3A%2291%25%20love%20the%20connections%20made%20and%20the%20ecosystem%20gathered.%22%2C%22author_status%22%3A%22Source%20%3A%20Feedback%20Form%20Paris%20Event%22%7D%2C%7B%22quote%22%3A%2292%25%20found%20the%20format%20innovative%20and%20effective.%22%2C%22author_status%22%3A%22Source%20%3A%20Feedback%20Form%20Paris%20Event%22%7D%2C%7B%22quote%22%3A%2295%25%20of%20participants%20wish%20to%20participate%20in%20our%20next%20event.%22%2C%22author_status%22%3A%22Source%20%3A%20Feedback%20Form%20Paris%20Event%22%7D%5D&#8221; use_carousel=&#8221;true&#8221; custom_resp=&#8221;true&#8221;][wgl_spacing spacer_size=&#8221;20px&#8221;][\/vc_column][\/vc_row][vc_row][vc_column][vc_media_grid grid_id=&#8221;vc_gid:1591350702192-0b80c771-52fd-6&#8243; include=&#8221;3955,3977,3969,4148,3967,4146,3987,3983,3981,3975,3973,3971,3965,3963,3961,3959,3957,3953&#8243;][wgl_spacing spacer_size=&#8221;30px&#8221;][\/vc_column][\/vc_row][vc_row][vc_column][wgl_spacing spacer_size=&#8221;40px&#8221;][wgl_double_headings align=&#8221;center&#8221; title_size=&#8221;30px&#8221; title_line_height=&#8221;42px&#8221; title_weight=&#8221;400&#8243; title_color=&#8221;#232323&#8243; subtitle_color=&#8221;#009ee6&#8243; bgtitle_size=&#8221;90px&#8221; bgtitle_line_height=&#8221;60px&#8221; bgtitle_color=&#8221;#f3f3f3&#8243; title=&#8221;Thanks to our partners on this 2019 event&#8221; subtitle=&#8221;`{`Impact Makers Lunch Paris 2019`}`&#8221; bgtitle=&#8221;Partners&#8221; bg_responsive_font=&#8221;true&#8221; bg_font_size_mobile=&#8221;44px&#8221; responsive_font=&#8221;true&#8221; font_size_mobile=&#8221;24px&#8221;][wgl_spacing spacer_size=&#8221;18px&#8221;][vc_row_inner css=&#8221;.vc_custom_1591350729551{padding-bottom: 60px !important;}&#8221;][vc_column_inner offset=&#8221;vc_col-lg-offset-1 vc_col-lg-10&#8243; css=&#8221;.vc_custom_1539937942248{padding-right: 5% !important;padding-left: 5% !important;}&#8221;][vc_column_text]\n<p style=\"text-align: center;\">The first edition of the Impact Makers Lunch took place on October 11, 2019 in Paris, at the Pavillon Wagram. More than 180 guests, actors of the positive economy, participated in this lunch\/discussions under the theme of &#8220;Acting together for sustainable food&#8221;.<\/p>\n<p style=\"text-align: center;\">Special thanks to our partners who have supported our initiatives since their inception.<br \/>\nIn order and disorder:<\/p>\n<p style=\"text-align: center;\">Anne Presson from<strong>Ev\u00e9nement<\/strong> d\u2019<strong>Elles<\/strong>, Catherine Von Dahle from <strong>Nov\u2019Impact<\/strong>, Aymeric Marmorat from<strong>Enactus<\/strong>, Isabelle Gougenheim from<strong>IDEAS<\/strong>, Marie-Pierre Membrives from <strong>Elles sont Food,<\/strong> Laurence Grandcolas from\u00a0<strong>My Sezame<\/strong>, Jean-Claude Mizzi and Michel Montagu from <strong>Hop Hop FOOD,<\/strong> Agathe Esposito from <strong>Food Use Tech<\/strong>, <strong>Slow Food en France<\/strong>, <strong>Pour La Solidarit\u00e9<\/strong>, Isabelle Chatillon, P\u00e9n\u00e9lope Baudoin from <strong>Experiences Positives Productions<\/strong> who concepted the facilitation, Hermine Mauze from <strong>Yunikon<\/strong> \u2013 our master of ceremonie, Brice de Margerie from the <strong>Collectif Co-Dessign it<\/strong>, and also our 18 facilitateurs\u00a0: M. Yann Mauchamp from <strong>Mutual Benefits<\/strong>, Laetitia Houdart from <strong>My Sezame<\/strong>, \u00c9glantine Tuaillon from <strong>My Sezame<\/strong>, Estelle Barthelemy from <strong>Oya Agency<\/strong>,\u00a0 Sylvie Veillas from <strong>Powering<\/strong>, Carole El Zein Corbanese from <strong>Seeders &amp; Co<\/strong>,\u00a0and from the <strong>Collectif Co-Design-it<\/strong>\u00a0: Julie Credou, Lise Demoulin, Catherine Foliot, Thibaud Gangloff, Irraga Gracia, Julien Le Plaideur, St\u00e9phanie Lefort, Mai-lien N\u2019Guyen Dui, Carine Rame, C\u00e9cile Roche Boutin, Delphine Sirven, Nicolas Wauquiez.<\/p>\n[\/vc_column_text][\/vc_column_inner][\/vc_row_inner][\/vc_column][\/vc_row][vc_row el_class=&#8221;box-shadow-1 radius-10 z-index-1&#8243; css=&#8221;.vc_custom_1565760936102{margin-top: -10px !important;margin-right: -90px !important;margin-left: -90px !important;padding-right: 75px !important;padding-left: 75px !important;background-color: #ffffff !important;}&#8221;][vc_column css=&#8221;.vc_custom_1539240782402{padding-top: 0px !important;}&#8221;][wgl_spacing spacer_size=&#8221;50px&#8221;][wgl_clients item_grid=&#8221;5&#8243; resp_medium_slides=&#8221;3&#8243; resp_tablets_slides=&#8221;2&#8243; resp_mobile_slides=&#8221;1&#8243; values=&#8221;%5B%7B%22thumbnail%22%3A%222874%22%7D%2C%7B%22thumbnail%22%3A%222608%22%7D%2C%7B%22thumbnail%22%3A%224245%22%7D%2C%7B%22thumbnail%22%3A%222610%22%7D%2C%7B%22thumbnail%22%3A%223024%22%7D%2C%7B%22thumbnail%22%3A%223703%22%7D%5D&#8221; use_carousel=&#8221;true&#8221; autoplay=&#8221;true&#8221; custom_resp=&#8221;true&#8221;][wgl_divider divider_width_units=&#8221;percentages&#8221; width=&#8221;100&#8243; height=&#8221;1px&#8221; divider_color=&#8221;#e4e4e4&#8243; divider_line_color=&#8221;#009ee6&#8243;][wgl_spacing spacer_size=&#8221;20px&#8221;][wgl_clients item_grid=&#8221;5&#8243; resp_medium_slides=&#8221;3&#8243; resp_tablets_slides=&#8221;2&#8243; resp_mobile_slides=&#8221;1&#8243; values=&#8221;%5B%7B%22thumbnail%22%3A%222983%22%7D%2C%7B%22thumbnail%22%3A%223694%22%7D%2C%7B%22thumbnail%22%3A%223664%22%7D%2C%7B%22thumbnail%22%3A%223718%22%7D%2C%7B%22thumbnail%22%3A%223732%22%7D%2C%7B%22thumbnail%22%3A%223734%22%7D%5D&#8221; use_carousel=&#8221;true&#8221; autoplay=&#8221;true&#8221; custom_resp=&#8221;true&#8221;][wgl_spacing spacer_size=&#8221;50px&#8221;][\/vc_column][\/vc_row][vc_row][vc_column][wgl_spacing spacer_size=&#8221;30px&#8221;][\/vc_column][\/vc_row][vc_row full_width=&#8221;stretch_row&#8221; css=&#8221;.vc_custom_1574942580944{background-image: url(https:\/\/impactmakers.events\/wp-content\/uploads\/2019\/11\/contact-organisation-impact-makers.jpg?id=4032) !important;background-position: center !important;background-repeat: no-repeat !important;background-size: cover !important;}&#8221;][vc_column][wgl_spacing spacer_size=&#8221;100&#8243; screen_tablet=&#8221;992&#8243; responsive_tablet=&#8221;true&#8221; size_tablet=&#8221;120&#8243; responsive_mobile=&#8221;true&#8221; size_mobile=&#8221;100&#8243;][wgl_double_headings align=&#8221;center&#8221; title_size=&#8221;60&#8243; title_line_height=&#8221;35&#8243; title_color=&#8221;#ffffff&#8221; subtitle_color=&#8221;#009ee6&#8243; bgtitle_size=&#8221;80px&#8221; bgtitle_line_height=&#8221;50px&#8221; bgtitle_color=&#8221;rgba(243,243,243,0.3)&#8221; title=&#8221;Pre-registrations opened&#8221; bgtitle=&#8221;Participate&#8221; custom_title_color=&#8221;true&#8221; custom_bgtitle_color=&#8221;true&#8221; responsive_font=&#8221;true&#8221; bg_responsive_font=&#8221;true&#8221; font_size_mobile=&#8221;24px&#8221; bg_font_size_mobile=&#8221;44px&#8221;][wgl_spacing spacer_size=&#8221;25&#8243;][vc_column_text]\n<p style=\"text-align: center;\"><span style=\"color: #ffffff;\">Due to limited space, participation in Impact Makers Lunch is subject to confirmation.<br \/>\nPre-register by clicking on the following link, our team will come back to you as soon as possible.<br \/>\n<\/span><\/p>\n[\/vc_column_text][wgl_spacing spacer_size=&#8221;41&#8243;][wgl_button button_text=&#8221;I would like to participate&#8221; size=&#8221;l&#8221; align=&#8221;center&#8221; customize=&#8221;color&#8221; text_color=&#8221;#ffffff&#8221; text_color_hover=&#8221;#ffffff&#8221; bg_color=&#8221;#e6007e&#8221; bg_color_hover=&#8221;&#8221; border_color=&#8221;#e6007e&#8221; border_color_hover=&#8221;#e6007e&#8221; link=&#8221;url:https%3A%2F%2Fimpactmakers.events%2Fen%2Fpre-register%2F|title:Contact||&#8221;][wgl_spacing spacer_size=&#8221;110&#8243; screen_tablet=&#8221;992&#8243; responsive_tablet=&#8221;true&#8221; size_tablet=&#8221;120&#8243;][\/vc_column][\/vc_row]\n","protected":false},"excerpt":{"rendered":"<p>[vc_row css=&#8221;.vc_custom_1539606550856{margin-top: -40px !important;}&#8221; el_class=&#8221;add_wave_rev_slider&#8221;][vc_column][rev_slider_vc alias=&#8221;impact-makers-lunch-paris-eng&#8221;][\/vc_column][\/vc_row][vc_row][vc_column][wgl_spacing spacer_size=&#8221;30px&#8221;][\/vc_column][\/vc_row][vc_row equal_height=&#8221;yes&#8221; content_placement=&#8221;middle&#8221;][vc_column offset=&#8221;vc_col-md-5&#8243;][wgl_double_headings title_size=&#8221;30px&#8221; title_line_height=&#8221;42px&#8221; title_weight=&#8221;400&#8243; title_color=&#8221;#232323&#8243; subtitle_color=&#8221;#009ee6&#8243; bgtitle_tag=&#8221;h2&#8243; bgtitle_size=&#8221;80px&#8221; bgtitle_line_height=&#8221;50px&#8221; bgtitle_color=&#8221;#f3f3f3&#8243; title=&#8221;FOOD and its entire industry were at the center of the Impact Makers Lunch which was held in Paris on October 11, 2019 at the Wagram Pavilion.&#8221; subtitle=&#8221;`{`#FOOD`}`&#8221; bgtitle=&#8221;Theme&#8221; bg_responsive_font=&#8221;true&#8221; bg_font_size_mobile=&#8221;44px&#8221; responsive_font=&#8221;true&#8221; font_size_mobile=&#8221;24px&#8221;][wgl_spacing spacer_size=&#8221;30px&#8221;][vc_column_text] A seated-lunch [&hellip;]<\/p>\n","protected":false},"author":1,"featured_media":3478,"parent":0,"menu_order":0,"comment_status":"closed","ping_status":"closed","template":"","meta":{"footnotes":""},"class_list":["post-3547","page","type-page","status-publish","has-post-thumbnail","hentry"],"yoast_head":"<!-- This site is optimized with the Yoast SEO plugin v27.5 - https:\/\/yoast.com\/product\/yoast-seo-wordpress\/ -->\n<title>Impact Makers Lunch Paris | Oct 2019 | FOOD improvement levers along the entire value chain<\/title>\n<meta name=\"description\" content=\"An innovative format that combines efficiency and user-friendliness - to deploy positive innovation throughout the FOOD sector and value chain - Open registrations -\" \/>\n<meta name=\"robots\" content=\"index, follow, max-snippet:-1, max-image-preview:large, max-video-preview:-1\" \/>\n<link rel=\"canonical\" href=\"https:\/\/impactmakers.events\/en\/impact-makers-lunch-paris-2019\/\" \/>\n<meta property=\"og:locale\" content=\"en_US\" \/>\n<meta property=\"og:type\" content=\"article\" \/>\n<meta property=\"og:title\" content=\"Impact Makers Lunch Paris | Oct 2019 | Alimentation durable et fili\u00e8res\" \/>\n<meta property=\"og:description\" content=\"Un format innovant qui m\u00eale efficacit\u00e9 et convivialit\u00e9 - pour d\u00e9ployer l\u2019innovation positive sur l\u2019ensemble de la fili\u00e8re FOOD - Inscriptions ouvertes -\" \/>\n<meta property=\"og:url\" content=\"https:\/\/impactmakers.events\/en\/impact-makers-lunch-paris-2019\/\" \/>\n<meta property=\"og:site_name\" content=\"Impact Makers\" \/>\n<meta property=\"article:modified_time\" content=\"2020-06-05T09:52:13+00:00\" \/>\n<meta property=\"og:image\" content=\"https:\/\/impactmakers.events\/wp-content\/uploads\/2019\/07\/impact-makers-lunch-paris-2019.jpg\" \/>\n\t<meta property=\"og:image:width\" content=\"1920\" \/>\n\t<meta property=\"og:image:height\" content=\"1280\" \/>\n\t<meta property=\"og:image:type\" content=\"image\/jpeg\" \/>\n<meta name=\"twitter:card\" content=\"summary_large_image\" \/>\n<meta name=\"twitter:label1\" content=\"Est. reading time\" \/>\n\t<meta name=\"twitter:data1\" content=\"11 minutes\" \/>\n<script type=\"application\/ld+json\" class=\"yoast-schema-graph\">{\"@context\":\"https:\\\/\\\/schema.org\",\"@graph\":[{\"@type\":\"WebPage\",\"@id\":\"https:\\\/\\\/impactmakers.events\\\/en\\\/impact-makers-lunch-paris-2019\\\/\",\"url\":\"https:\\\/\\\/impactmakers.events\\\/en\\\/impact-makers-lunch-paris-2019\\\/\",\"name\":\"Impact Makers Lunch Paris | Oct 2019 | FOOD improvement levers along the entire value chain\",\"isPartOf\":{\"@id\":\"https:\\\/\\\/impactmakers.events\\\/en\\\/#website\"},\"primaryImageOfPage\":{\"@id\":\"https:\\\/\\\/impactmakers.events\\\/en\\\/impact-makers-lunch-paris-2019\\\/#primaryimage\"},\"image\":{\"@id\":\"https:\\\/\\\/impactmakers.events\\\/en\\\/impact-makers-lunch-paris-2019\\\/#primaryimage\"},\"thumbnailUrl\":\"https:\\\/\\\/impactmakers.events\\\/wp-content\\\/uploads\\\/2019\\\/07\\\/impact-makers-lunch-paris-2019.jpg\",\"datePublished\":\"2019-06-19T11:23:50+00:00\",\"dateModified\":\"2020-06-05T09:52:13+00:00\",\"description\":\"An innovative format that combines efficiency and user-friendliness - to deploy positive innovation throughout the FOOD sector and value chain - Open registrations -\",\"breadcrumb\":{\"@id\":\"https:\\\/\\\/impactmakers.events\\\/en\\\/impact-makers-lunch-paris-2019\\\/#breadcrumb\"},\"inLanguage\":\"en-US\",\"potentialAction\":[{\"@type\":\"ReadAction\",\"target\":[\"https:\\\/\\\/impactmakers.events\\\/en\\\/impact-makers-lunch-paris-2019\\\/\"]}]},{\"@type\":\"ImageObject\",\"inLanguage\":\"en-US\",\"@id\":\"https:\\\/\\\/impactmakers.events\\\/en\\\/impact-makers-lunch-paris-2019\\\/#primaryimage\",\"url\":\"https:\\\/\\\/impactmakers.events\\\/wp-content\\\/uploads\\\/2019\\\/07\\\/impact-makers-lunch-paris-2019.jpg\",\"contentUrl\":\"https:\\\/\\\/impactmakers.events\\\/wp-content\\\/uploads\\\/2019\\\/07\\\/impact-makers-lunch-paris-2019.jpg\",\"width\":1920,\"height\":1280},{\"@type\":\"BreadcrumbList\",\"@id\":\"https:\\\/\\\/impactmakers.events\\\/en\\\/impact-makers-lunch-paris-2019\\\/#breadcrumb\",\"itemListElement\":[{\"@type\":\"ListItem\",\"position\":1,\"name\":\"Accueil\",\"item\":\"https:\\\/\\\/impactmakers.events\\\/en\\\/\"},{\"@type\":\"ListItem\",\"position\":2,\"name\":\"Impact Makers Lunch Paris 2019\"}]},{\"@type\":\"WebSite\",\"@id\":\"https:\\\/\\\/impactmakers.events\\\/en\\\/#website\",\"url\":\"https:\\\/\\\/impactmakers.events\\\/en\\\/\",\"name\":\"Impact Makers\",\"description\":\"Catalyseur de l&#039;\u00e9conomie positive\",\"publisher\":{\"@id\":\"https:\\\/\\\/impactmakers.events\\\/en\\\/#organization\"},\"potentialAction\":[{\"@type\":\"SearchAction\",\"target\":{\"@type\":\"EntryPoint\",\"urlTemplate\":\"https:\\\/\\\/impactmakers.events\\\/en\\\/?s={search_term_string}\"},\"query-input\":{\"@type\":\"PropertyValueSpecification\",\"valueRequired\":true,\"valueName\":\"search_term_string\"}}],\"inLanguage\":\"en-US\"},{\"@type\":\"Organization\",\"@id\":\"https:\\\/\\\/impactmakers.events\\\/en\\\/#organization\",\"name\":\"Impact Makers\",\"url\":\"https:\\\/\\\/impactmakers.events\\\/en\\\/\",\"logo\":{\"@type\":\"ImageObject\",\"inLanguage\":\"en-US\",\"@id\":\"https:\\\/\\\/impactmakers.events\\\/en\\\/#\\\/schema\\\/logo\\\/image\\\/\",\"url\":\"https:\\\/\\\/impactmakers.events\\\/wp-content\\\/uploads\\\/2019\\\/07\\\/impact-makers-logo.png\",\"contentUrl\":\"https:\\\/\\\/impactmakers.events\\\/wp-content\\\/uploads\\\/2019\\\/07\\\/impact-makers-logo.png\",\"width\":240,\"height\":136,\"caption\":\"Impact Makers\"},\"image\":{\"@id\":\"https:\\\/\\\/impactmakers.events\\\/en\\\/#\\\/schema\\\/logo\\\/image\\\/\"}}]}<\/script>\n<!-- \/ Yoast SEO plugin. -->","yoast_head_json":{"title":"Impact Makers Lunch Paris | Oct 2019 | FOOD improvement levers along the entire value chain","description":"An innovative format that combines efficiency and user-friendliness - to deploy positive innovation throughout the FOOD sector and value chain - Open registrations -","robots":{"index":"index","follow":"follow","max-snippet":"max-snippet:-1","max-image-preview":"max-image-preview:large","max-video-preview":"max-video-preview:-1"},"canonical":"https:\/\/impactmakers.events\/en\/impact-makers-lunch-paris-2019\/","og_locale":"en_US","og_type":"article","og_title":"Impact Makers Lunch Paris | Oct 2019 | Alimentation durable et fili\u00e8res","og_description":"Un format innovant qui m\u00eale efficacit\u00e9 et convivialit\u00e9 - pour d\u00e9ployer l\u2019innovation positive sur l\u2019ensemble de la fili\u00e8re FOOD - Inscriptions ouvertes -","og_url":"https:\/\/impactmakers.events\/en\/impact-makers-lunch-paris-2019\/","og_site_name":"Impact Makers","article_modified_time":"2020-06-05T09:52:13+00:00","og_image":[{"width":1920,"height":1280,"url":"https:\/\/impactmakers.events\/wp-content\/uploads\/2019\/07\/impact-makers-lunch-paris-2019.jpg","type":"image\/jpeg"}],"twitter_card":"summary_large_image","twitter_misc":{"Est. reading time":"11 minutes"},"schema":{"@context":"https:\/\/schema.org","@graph":[{"@type":"WebPage","@id":"https:\/\/impactmakers.events\/en\/impact-makers-lunch-paris-2019\/","url":"https:\/\/impactmakers.events\/en\/impact-makers-lunch-paris-2019\/","name":"Impact Makers Lunch Paris | Oct 2019 | FOOD improvement levers along the entire value chain","isPartOf":{"@id":"https:\/\/impactmakers.events\/en\/#website"},"primaryImageOfPage":{"@id":"https:\/\/impactmakers.events\/en\/impact-makers-lunch-paris-2019\/#primaryimage"},"image":{"@id":"https:\/\/impactmakers.events\/en\/impact-makers-lunch-paris-2019\/#primaryimage"},"thumbnailUrl":"https:\/\/impactmakers.events\/wp-content\/uploads\/2019\/07\/impact-makers-lunch-paris-2019.jpg","datePublished":"2019-06-19T11:23:50+00:00","dateModified":"2020-06-05T09:52:13+00:00","description":"An innovative format that combines efficiency and user-friendliness - to deploy positive innovation throughout the FOOD sector and value chain - Open registrations -","breadcrumb":{"@id":"https:\/\/impactmakers.events\/en\/impact-makers-lunch-paris-2019\/#breadcrumb"},"inLanguage":"en-US","potentialAction":[{"@type":"ReadAction","target":["https:\/\/impactmakers.events\/en\/impact-makers-lunch-paris-2019\/"]}]},{"@type":"ImageObject","inLanguage":"en-US","@id":"https:\/\/impactmakers.events\/en\/impact-makers-lunch-paris-2019\/#primaryimage","url":"https:\/\/impactmakers.events\/wp-content\/uploads\/2019\/07\/impact-makers-lunch-paris-2019.jpg","contentUrl":"https:\/\/impactmakers.events\/wp-content\/uploads\/2019\/07\/impact-makers-lunch-paris-2019.jpg","width":1920,"height":1280},{"@type":"BreadcrumbList","@id":"https:\/\/impactmakers.events\/en\/impact-makers-lunch-paris-2019\/#breadcrumb","itemListElement":[{"@type":"ListItem","position":1,"name":"Accueil","item":"https:\/\/impactmakers.events\/en\/"},{"@type":"ListItem","position":2,"name":"Impact Makers Lunch Paris 2019"}]},{"@type":"WebSite","@id":"https:\/\/impactmakers.events\/en\/#website","url":"https:\/\/impactmakers.events\/en\/","name":"Impact Makers","description":"Catalyseur de l&#039;\u00e9conomie positive","publisher":{"@id":"https:\/\/impactmakers.events\/en\/#organization"},"potentialAction":[{"@type":"SearchAction","target":{"@type":"EntryPoint","urlTemplate":"https:\/\/impactmakers.events\/en\/?s={search_term_string}"},"query-input":{"@type":"PropertyValueSpecification","valueRequired":true,"valueName":"search_term_string"}}],"inLanguage":"en-US"},{"@type":"Organization","@id":"https:\/\/impactmakers.events\/en\/#organization","name":"Impact Makers","url":"https:\/\/impactmakers.events\/en\/","logo":{"@type":"ImageObject","inLanguage":"en-US","@id":"https:\/\/impactmakers.events\/en\/#\/schema\/logo\/image\/","url":"https:\/\/impactmakers.events\/wp-content\/uploads\/2019\/07\/impact-makers-logo.png","contentUrl":"https:\/\/impactmakers.events\/wp-content\/uploads\/2019\/07\/impact-makers-logo.png","width":240,"height":136,"caption":"Impact Makers"},"image":{"@id":"https:\/\/impactmakers.events\/en\/#\/schema\/logo\/image\/"}}]}},"_links":{"self":[{"href":"https:\/\/impactmakers.events\/en\/wp-json\/wp\/v2\/pages\/3547","targetHints":{"allow":["GET"]}}],"collection":[{"href":"https:\/\/impactmakers.events\/en\/wp-json\/wp\/v2\/pages"}],"about":[{"href":"https:\/\/impactmakers.events\/en\/wp-json\/wp\/v2\/types\/page"}],"author":[{"embeddable":true,"href":"https:\/\/impactmakers.events\/en\/wp-json\/wp\/v2\/users\/1"}],"replies":[{"embeddable":true,"href":"https:\/\/impactmakers.events\/en\/wp-json\/wp\/v2\/comments?post=3547"}],"version-history":[{"count":0,"href":"https:\/\/impactmakers.events\/en\/wp-json\/wp\/v2\/pages\/3547\/revisions"}],"wp:featuredmedia":[{"embeddable":true,"href":"https:\/\/impactmakers.events\/en\/wp-json\/wp\/v2\/media\/3478"}],"wp:attachment":[{"href":"https:\/\/impactmakers.events\/en\/wp-json\/wp\/v2\/media?parent=3547"}],"curies":[{"name":"wp","href":"https:\/\/api.w.org\/{rel}","templated":true}]}}